{"id":2836,"date":"2020-08-03T14:27:53","date_gmt":"2020-08-03T12:27:53","guid":{"rendered":"https:\/\/autoservizidelfino.it\/contatti\/"},"modified":"2023-05-05T14:56:08","modified_gmt":"2023-05-05T12:56:08","slug":"kontakte","status":"publish","type":"page","link":"https:\/\/autoservizidelfino.it\/de\/kontakte\/","title":{"rendered":"Kontakte"},"content":{"rendered":"<p>[et_pb_section fb_built=&#8220;1&#8243; _builder_version=&#8220;4.5.2&#8243; _module_preset=&#8220;default&#8220; custom_padding=&#8220;||0px|||&#8220; global_colors_info=&#8220;{}&#8220;][et_pb_row _builder_version=&#8220;4.5.2&#8243; _module_preset=&#8220;default&#8220; global_colors_info=&#8220;{}&#8220;][et_pb_column type=&#8220;4_4&#8243; _builder_version=&#8220;4.5.2&#8243; _module_preset=&#8220;default&#8220; global_colors_info=&#8220;{}&#8220;][et_pb_text _builder_version=&#8220;4.14.8&#8243; _module_preset=&#8220;default&#8220; header_font=&#8220;|||on|||||&#8220; header_text_align=&#8220;center&#8220; global_colors_info=&#8220;{}&#8220;]<\/p>\n<h1>Kontakte<\/h1>\n<p>[\/et_pb_text][\/et_pb_column][\/et_pb_row][et_pb_row column_structure=&#8220;1_2,1_2&#8243; _builder_version=&#8220;4.5.2&#8243; _module_preset=&#8220;default&#8220; global_colors_info=&#8220;{}&#8220;][et_pb_column type=&#8220;1_2&#8243; _builder_version=&#8220;4.5.2&#8243; _module_preset=&#8220;default&#8220; global_colors_info=&#8220;{}&#8220;][et_pb_blurb title=&#8220;Adresse&#8220; use_icon=&#8220;on&#8220; font_icon=&#8220;&#xe01d;||divi||400&#8243; icon_placement=&#8220;left&#8220; image_icon_width=&#8220;40px&#8220; _builder_version=&#8220;4.14.8&#8243; _module_preset=&#8220;default&#8220; icon_font_size=&#8220;40px&#8220; global_colors_info=&#8220;{}&#8220;]<\/p>\n<p>Corso del Popolo, 211, 30100 Venezia VE<\/p>\n<p>[\/et_pb_blurb][et_pb_blurb title=&#8220;Email&#8220; use_icon=&#8220;on&#8220; font_icon=&#8220;&#xe010;||divi||400&#8243; icon_placement=&#8220;left&#8220; image_icon_width=&#8220;40px&#8220; _builder_version=&#8220;4.13.0&#8243; _module_preset=&#8220;default&#8220; icon_font_size=&#8220;40px&#8220; global_colors_info=&#8220;{}&#8220;]<\/p>\n<p><a href=\"mailto:info@autoservizidelfino.it\" target=\"_blank\" rel=\"noopener noreferrer\">info@autoservizidelfino.it<\/a><\/p>\n<p>[\/et_pb_blurb][et_pb_blurb title=&#8220;Telefon&#8220; use_icon=&#8220;on&#8220; font_icon=&#8220;&#xe01d;||divi||400&#8243; icon_placement=&#8220;left&#8220; image_icon_width=&#8220;40px&#8220; _builder_version=&#8220;4.14.8&#8243; _module_preset=&#8220;default&#8220; icon_font_size=&#8220;40px&#8220; global_colors_info=&#8220;{}&#8220;]<\/p>\n<p><a href=\"tel:+390415310584\" target=\"_blank\" rel=\"noopener noreferrer\">+390415310584<\/a><\/p>\n<p>[\/et_pb_blurb][et_pb_blurb title=&#8220;\u00d6ffnungszeiten&#8220; use_icon=&#8220;on&#8220; font_icon=&#8220;&#x7d;||divi||400&#8243; icon_placement=&#8220;left&#8220; image_icon_width=&#8220;40px&#8220; _builder_version=&#8220;4.14.8&#8243; _module_preset=&#8220;default&#8220; icon_font_size=&#8220;40px&#8220; global_colors_info=&#8220;{}&#8220;]<\/p>\n<p>Montag bis Samstag<br \/>von 07:00 bis 22:00 Uhr<\/p>\n<p>Sonntag<br \/>von 07:00 bis 12:00 Uhr<br \/>und von 18:00 bis 22:00 Uhr<\/p>\n<p>[\/et_pb_blurb][et_pb_blurb title=&#8220;MwSt.-Nr.&#8220; use_icon=&#8220;on&#8220; font_icon=&#8220;&#xe108;||divi||400&#8243; icon_placement=&#8220;left&#8220; image_icon_width=&#8220;40px&#8220; _builder_version=&#8220;4.14.8&#8243; _module_preset=&#8220;default&#8220; icon_font_size=&#8220;40px&#8220; global_colors_info=&#8220;{}&#8220;]<\/p>\n<p>00420820276<\/p>\n<p>[\/et_pb_blurb][\/et_pb_column][et_pb_column type=&#8220;1_2&#8243; _builder_version=&#8220;4.5.2&#8243; _module_preset=&#8220;default&#8220; global_colors_info=&#8220;{}&#8220;][et_pb_text _builder_version=&#8220;4.14.8&#8243; _module_preset=&#8220;default&#8220; text_text_color=&#8220;#318fd0&#8243; global_colors_info=&#8220;{}&#8220;]<\/p>\n<h2>Anfrage f\u00fcr Parkplatz<\/h2>\n<p>[\/et_pb_text][et_pb_code _builder_version=&#8220;4.14.8&#8243; _module_preset=&#8220;default&#8220; hover_enabled=&#8220;0&#8243; global_colors_info=&#8220;{}&#8220; sticky_enabled=&#8220;0&#8243;]\n<div class=\"wpcf7 no-js\" id=\"wpcf7-f2912-o1\" lang=\"\" dir=\"ltr\" data-wpcf7-id=\"2912\">\n<div class=\"screen-reader-response\"><p role=\"status\" aria-live=\"polite\" aria-atomic=\"true\"><\/p> <ul><\/ul><\/div>\n<form action=\"\/de\/wp-json\/wp\/v2\/pages\/2836#wpcf7-f2912-o1\" method=\"post\" class=\"wpcf7-form init\" aria-label=\"Kontaktformular\" novalidate=\"novalidate\" data-status=\"init\">\n<fieldset class=\"hidden-fields-container\"><input type=\"hidden\" name=\"_wpcf7\" value=\"2912\" \/><input type=\"hidden\" name=\"_wpcf7_version\" value=\"6.1.5\" \/><input type=\"hidden\" name=\"_wpcf7_locale\" value=\"\" \/><input type=\"hidden\" name=\"_wpcf7_unit_tag\" value=\"wpcf7-f2912-o1\" \/><input type=\"hidden\" name=\"_wpcf7_container_post\" value=\"0\" \/><input type=\"hidden\" name=\"_wpcf7_posted_data_hash\" value=\"\" \/><input type=\"hidden\" name=\"_wpcf7_recaptcha_response\" value=\"\" \/>\n<\/fieldset>\n<p><span class=\"wpcf7-form-control-wrap\" data-name=\"your-name\"><input size=\"40\" maxlength=\"400\" class=\"wpcf7-form-control wpcf7-text wpcf7-validates-as-required\" aria-required=\"true\" aria-invalid=\"false\" placeholder=\"Name*\" value=\"\" type=\"text\" name=\"your-name\" \/><\/span>\n<\/p>\n<p><span class=\"wpcf7-form-control-wrap\" data-name=\"your-name\"><input size=\"40\" maxlength=\"400\" class=\"wpcf7-form-control wpcf7-text wpcf7-validates-as-required\" aria-required=\"true\" aria-invalid=\"false\" placeholder=\"Nachname*\" value=\"\" type=\"text\" name=\"your-name\" \/><\/span>\n<\/p>\n<p><span class=\"wpcf7-form-control-wrap\" data-name=\"your-phone\"><input size=\"40\" maxlength=\"400\" class=\"wpcf7-form-control wpcf7-tel wpcf7-validates-as-required wpcf7-text wpcf7-validates-as-tel\" aria-required=\"true\" aria-invalid=\"false\" placeholder=\"Telefon*\" value=\"\" type=\"tel\" name=\"your-phone\" \/><\/span>\n<\/p>\n<p><span class=\"wpcf7-form-control-wrap\" data-name=\"your-email\"><input size=\"40\" maxlength=\"400\" class=\"wpcf7-form-control wpcf7-email wpcf7-validates-as-required wpcf7-text wpcf7-validates-as-email\" aria-required=\"true\" aria-invalid=\"false\" placeholder=\"E-mail*\" value=\"\" type=\"email\" name=\"your-email\" \/><\/span>\n<\/p>\n<p>Ankunftsdatum: <span class=\"wpcf7-form-control-wrap\" data-name=\"date-arrivo\"><input class=\"wpcf7-form-control wpcf7-date wpcf7-validates-as-required wpcf7-validates-as-date\" aria-required=\"true\" aria-invalid=\"false\" placeholder=\"Ankunftsdatum*\" value=\"\" type=\"date\" name=\"date-arrivo\" \/><\/span>\n<\/p>\n<p>Ankunftszeit (0-24):<span class=\"wpcf7-form-control-wrap\" data-name=\"Ankunftszeit\"><input class=\"wpcf7-form-control wpcf7-number wpcf7-validates-as-number\" min=\"0\" max=\"24\" aria-invalid=\"false\" value=\"\" type=\"number\" name=\"Ankunftszeit\" \/><\/span>\n<\/p>\n<p>Abreisedatum:<span class=\"wpcf7-form-control-wrap\" data-name=\"date-partenza\"><input class=\"wpcf7-form-control wpcf7-date wpcf7-validates-as-required wpcf7-validates-as-date\" aria-required=\"true\" aria-invalid=\"false\" placeholder=\"Abreisedatum*\" value=\"\" type=\"date\" name=\"date-partenza\" \/><\/span>\n<\/p>\n<p>Abreisezeit (0-24):<span class=\"wpcf7-form-control-wrap\" data-name=\"Abreisezeit\"><input class=\"wpcf7-form-control wpcf7-number wpcf7-validates-as-number\" min=\"0\" max=\"24\" aria-invalid=\"false\" value=\"\" type=\"number\" name=\"Abreisezeit\" \/><\/span>\n<\/p>\n<p>Fahrzeugtyp:\n<\/p>\n<p><span class=\"wpcf7-form-control-wrap\" data-name=\"Tipo-veicolo\"><select class=\"wpcf7-form-control wpcf7-select\" aria-invalid=\"false\" name=\"Tipo-veicolo\"><option value=\"Auto\">Auto<\/option><option value=\"Van\">Van<\/option><option value=\"Moto\">Moto<\/option><\/select><\/span>\n<\/p>\n<p><span class=\"wpcf7-form-control-wrap\" data-name=\"targa\"><input size=\"40\" maxlength=\"400\" class=\"wpcf7-form-control wpcf7-text\" aria-invalid=\"false\" placeholder=\"Nummernschild\" value=\"\" type=\"text\" name=\"targa\" \/><\/span>\n<\/p>\n<p><span class=\"wpcf7-form-control-wrap\" data-name=\"modello\"><input size=\"40\" maxlength=\"400\" class=\"wpcf7-form-control wpcf7-text\" aria-invalid=\"false\" placeholder=\"Modell\" value=\"\" type=\"text\" name=\"modello\" \/><\/span>\n<\/p>\n<p><span class=\"wpcf7-form-control-wrap\" data-name=\"your-message\"><textarea cols=\"40\" rows=\"10\" maxlength=\"2000\" class=\"wpcf7-form-control wpcf7-textarea\" aria-invalid=\"false\" placeholder=\"Informationen\" name=\"your-message\"><\/textarea><\/span>\n<\/p>\n<p class=\"ptag\">Privatsph\u00e4re:\n<\/p>\n<div class=\"privacy\">\n\t<p>Die Unterzeichnende gibt hiermit die Informationen zur Nutzung der pers\u00f6nlichen Daten bekannt, die durch das Ausf\u00fcllen dieses Formulars bereitgestellt wurden, in \u00dcbereinstimmung mit der Verordnung (EU) 2016\/679 zum Schutz nat\u00fcrlicher Personen bei der Verarbeitung personenbezogener Daten und zum freien Datenverkehr (auch als GDPR bekannt). Die Daten \u00fcber Ihre Person, die Sie freiwillig \u00fcber das Ausf\u00fcllen von Online-Formularen bereitgestellt haben, werden ausschlie\u00dflich gesammelt, um den Kontakt mit dem Unternehmen zu erm\u00f6glichen und gegebenenfalls den mit Ihnen abgeschlossenen Vertrag auszuf\u00fchren. Die Bereitstellung dieser Daten ist f\u00fcr Sie verpflichtend. Wenn Sie dies ablehnen, k\u00f6nnen wir Ihnen das von Ihnen angeforderte Produkt\/die von Ihnen angeforderte Dienstleistung nicht bereitstellen (was Sie potenziell f\u00fcr eine Vertragsverletzung haftbar macht) und Ihre Anfrage nicht bearbeiten. Innerhalb unserer Struktur kann nur das Personal, das mit der Verarbeitung dieser Daten beauftragt ist, die Daten zu den genannten Zwecken einsehen. Wir m\u00f6chten Sie auch daran erinnern, dass Sie alle Rechte gem\u00e4\u00df den Artikeln 15 bis 22 der genannten EU-Verordnung aus\u00fcben k\u00f6nnen, insbesondere das Recht auf Zugang zu den personenbezogenen Daten und deren Kopie (Art. 15 GDPR), Berichtigung (Art. 16 GDPR) und L\u00f6schung (Art. 17 GDPR), Einschr\u00e4nkung der Verarbeitung (Art. 18 GDPR), Daten\u00fcbertragbarkeit (Art. 20 GDPR, wenn die Voraussetzungen erf\u00fcllt sind) sowie Widerspruch gegen die Verarbeitung, die Sie betreffen (Artikel 21 und 22 GDPR, f\u00fcr die genannten F\u00e4lle und insbesondere gegen die Verarbeitung zu Marketingzwecken oder gegen automatisierte Entscheidungen einschlie\u00dflich Profiling, die rechtliche Auswirkungen auf Sie haben, wenn die Voraussetzungen erf\u00fcllt sind). Wir m\u00f6chten Sie auch daran erinnern, dass Sie das Recht haben, Ihre Zustimmung jederzeit zu widerrufen, wenn die Verarbeitung auf Ihrer Zustimmung beruht, ohne dass die Rechtm\u00e4\u00dfigkeit der Verarbeitung, die aufgrund der vor der Widerrufsfrist erteilten Zustimmung erfolgt ist, beeintr\u00e4chtigt wird. Um dies zu tun, k\u00f6nnen Sie sich jederzeit abmelden, indem Sie den f\u00fcr die Verarbeitung Verantwortlichen kontaktieren, dessen K\n\t<\/p>\n<\/div>\n<p><span class=\"wpcf7-form-control-wrap\" data-name=\"checkbox-899\"><span class=\"wpcf7-form-control wpcf7-checkbox wpcf7-validates-as-required\"><span class=\"wpcf7-list-item first last\"><input type=\"checkbox\" name=\"checkbox-899[]\" value=\"*  Ich habe die Datenschutzbestimmungen gelesen und akzeptiere sie\" \/><span class=\"wpcf7-list-item-label\">*  Ich habe die Datenschutzbestimmungen gelesen und akzeptiere sie<\/span><\/span><\/span><\/span>\n<\/p>\n<p><input class=\"wpcf7-form-control wpcf7-submit has-spinner\" type=\"submit\" value=\"Einreichen\" \/>\n<\/p><div class=\"wpcf7-response-output\" aria-hidden=\"true\"><\/div>\n<\/form>\n<\/div>\n[\/et_pb_code][\/et_pb_column][\/et_pb_row][et_pb_row _builder_version=&#8220;4.14.8&#8243; _module_preset=&#8220;default&#8220; global_colors_info=&#8220;{}&#8220;][et_pb_column type=&#8220;4_4&#8243; _builder_version=&#8220;4.14.8&#8243; _module_preset=&#8220;default&#8220; global_colors_info=&#8220;{}&#8220;][et_pb_divider divider_style=&#8220;double&#8220; _builder_version=&#8220;4.14.8&#8243; _module_preset=&#8220;default&#8220; global_colors_info=&#8220;{}&#8220;][\/et_pb_divider][\/et_pb_column][\/et_pb_row][et_pb_row column_structure=&#8220;1_2,1_2&#8243; _builder_version=&#8220;4.5.2&#8243; _module_preset=&#8220;default&#8220; global_colors_info=&#8220;{}&#8220;][et_pb_column type=&#8220;1_2&#8243; _builder_version=&#8220;4.5.2&#8243; _module_preset=&#8220;default&#8220; global_colors_info=&#8220;{}&#8220;][et_pb_blurb title=&#8220;Adresse&#8220; use_icon=&#8220;on&#8220; font_icon=&#8220;&#xe01d;||divi||400&#8243; icon_placement=&#8220;left&#8220; image_icon_width=&#8220;40px&#8220; _builder_version=&#8220;4.14.8&#8243; _module_preset=&#8220;default&#8220; icon_font_size=&#8220;40px&#8220; global_colors_info=&#8220;{}&#8220;]<\/p>\n<p>Corso del Popolo, 211, 30100 Venezia VE<\/p>\n<p>[\/et_pb_blurb][et_pb_blurb title=&#8220;Email&#8220; use_icon=&#8220;on&#8220; font_icon=&#8220;&#xe010;||divi||400&#8243; icon_placement=&#8220;left&#8220; image_icon_width=&#8220;40px&#8220; _builder_version=&#8220;4.13.0&#8243; _module_preset=&#8220;default&#8220; icon_font_size=&#8220;40px&#8220; global_colors_info=&#8220;{}&#8220;]<\/p>\n<p><a href=\"mailto:info@autoservizidelfino.it\" target=\"_blank\" rel=\"noopener noreferrer\">info@autoservizidelfino.it<\/a><\/p>\n<p>[\/et_pb_blurb][et_pb_blurb title=&#8220;Telefon&#8220; use_icon=&#8220;on&#8220; font_icon=&#8220;&#xe01d;||divi||400&#8243; icon_placement=&#8220;left&#8220; image_icon_width=&#8220;40px&#8220; _builder_version=&#8220;4.14.8&#8243; _module_preset=&#8220;default&#8220; icon_font_size=&#8220;40px&#8220; global_colors_info=&#8220;{}&#8220;]<\/p>\n<p><a href=\"tel:+390415310584\" target=\"_blank\" rel=\"noopener noreferrer\">+390415310584<\/a><\/p>\n<p>[\/et_pb_blurb][et_pb_blurb title=&#8220;\u00d6ffnungszeiten&#8220; use_icon=&#8220;on&#8220; font_icon=&#8220;&#x7d;||divi||400&#8243; icon_placement=&#8220;left&#8220; image_icon_width=&#8220;40px&#8220; _builder_version=&#8220;4.14.8&#8243; _module_preset=&#8220;default&#8220; icon_font_size=&#8220;40px&#8220; global_colors_info=&#8220;{}&#8220;]<\/p>\n<p>Montag bis Samstag<br \/>von 07:00 bis 22:00 Uhr<\/p>\n<p>Sonntag<br \/>von 07:00 bis 12:00 Uhr<br \/>und von 18:00 bis 22:00 Uhr<\/p>\n<p>[\/et_pb_blurb][et_pb_blurb title=&#8220;MwSt.-Nr.&#8220; use_icon=&#8220;on&#8220; font_icon=&#8220;&#xe108;||divi||400&#8243; icon_placement=&#8220;left&#8220; image_icon_width=&#8220;40px&#8220; _builder_version=&#8220;4.14.8&#8243; _module_preset=&#8220;default&#8220; icon_font_size=&#8220;40px&#8220; global_colors_info=&#8220;{}&#8220;]<\/p>\n<p>00420820276<\/p>\n<p>[\/et_pb_blurb][\/et_pb_column][et_pb_column type=&#8220;1_2&#8243; _builder_version=&#8220;4.5.2&#8243; _module_preset=&#8220;default&#8220; global_colors_info=&#8220;{}&#8220;][et_pb_text _builder_version=&#8220;4.14.8&#8243; _module_preset=&#8220;default&#8220; text_text_color=&#8220;#318fd0&#8243; global_colors_info=&#8220;{}&#8220;]<\/p>\n<h2><span class=\"Y2IQFc\" lang=\"de\">Mietservice mit Fahrer<\/span><\/h2>\n<p>[\/et_pb_text][et_pb_code _builder_version=&#8220;4.14.8&#8243; _module_preset=&#8220;default&#8220; hover_enabled=&#8220;0&#8243; global_colors_info=&#8220;{}&#8220; sticky_enabled=&#8220;0&#8243;]\n<div class=\"wpcf7 no-js\" id=\"wpcf7-f2910-o2\" lang=\"\" dir=\"ltr\" data-wpcf7-id=\"2910\">\n<div class=\"screen-reader-response\"><p role=\"status\" aria-live=\"polite\" aria-atomic=\"true\"><\/p> <ul><\/ul><\/div>\n<form action=\"\/de\/wp-json\/wp\/v2\/pages\/2836#wpcf7-f2910-o2\" method=\"post\" class=\"wpcf7-form init\" aria-label=\"Kontaktformular\" novalidate=\"novalidate\" data-status=\"init\">\n<fieldset class=\"hidden-fields-container\"><input type=\"hidden\" name=\"_wpcf7\" value=\"2910\" \/><input type=\"hidden\" name=\"_wpcf7_version\" value=\"6.1.5\" \/><input type=\"hidden\" name=\"_wpcf7_locale\" value=\"\" \/><input type=\"hidden\" name=\"_wpcf7_unit_tag\" value=\"wpcf7-f2910-o2\" \/><input type=\"hidden\" name=\"_wpcf7_container_post\" value=\"0\" \/><input type=\"hidden\" name=\"_wpcf7_posted_data_hash\" value=\"\" \/><input type=\"hidden\" name=\"_wpcf7_recaptcha_response\" value=\"\" \/>\n<\/fieldset>\n<p><span class=\"wpcf7-form-control-wrap\" data-name=\"your-name\"><input size=\"40\" maxlength=\"400\" class=\"wpcf7-form-control wpcf7-text wpcf7-validates-as-required\" aria-required=\"true\" aria-invalid=\"false\" placeholder=\"Name*\" value=\"\" type=\"text\" name=\"your-name\" \/><\/span>\n<\/p>\n<p><span class=\"wpcf7-form-control-wrap\" data-name=\"your-name\"><input size=\"40\" maxlength=\"400\" class=\"wpcf7-form-control wpcf7-text wpcf7-validates-as-required\" aria-required=\"true\" aria-invalid=\"false\" placeholder=\"Nachname*\" value=\"\" type=\"text\" name=\"your-name\" \/><\/span>\n<\/p>\n<p><span class=\"wpcf7-form-control-wrap\" data-name=\"your-phone\"><input size=\"40\" maxlength=\"400\" class=\"wpcf7-form-control wpcf7-tel wpcf7-validates-as-required wpcf7-text wpcf7-validates-as-tel\" aria-required=\"true\" aria-invalid=\"false\" placeholder=\"Telefon*\" value=\"\" type=\"tel\" name=\"your-phone\" \/><\/span>\n<\/p>\n<p><span class=\"wpcf7-form-control-wrap\" data-name=\"your-email\"><input size=\"40\" maxlength=\"400\" class=\"wpcf7-form-control wpcf7-email wpcf7-validates-as-required wpcf7-text wpcf7-validates-as-email\" aria-required=\"true\" aria-invalid=\"false\" placeholder=\"E-mail*\" value=\"\" type=\"email\" name=\"your-email\" \/><\/span>\n<\/p>\n<p><span class=\"wpcf7-form-control-wrap\" data-name=\"your-message\"><textarea cols=\"40\" rows=\"10\" maxlength=\"2000\" class=\"wpcf7-form-control wpcf7-textarea\" aria-invalid=\"false\" placeholder=\"Informationen\" name=\"your-message\"><\/textarea><\/span>\n<\/p>\n<p class=\"ptag\">Privatsph\u00e4re:\n<\/p>\n<div class=\"privacy\">\n\t<p>Die Unterzeichnende gibt hiermit die Informationen zur Nutzung der pers\u00f6nlichen Daten bekannt, die durch das Ausf\u00fcllen dieses Formulars bereitgestellt wurden, in \u00dcbereinstimmung mit der Verordnung (EU) 2016\/679 zum Schutz nat\u00fcrlicher Personen bei der Verarbeitung personenbezogener Daten und zum freien Datenverkehr (auch als GDPR bekannt). Die Daten \u00fcber Ihre Person, die Sie freiwillig \u00fcber das Ausf\u00fcllen von Online-Formularen bereitgestellt haben, werden ausschlie\u00dflich gesammelt, um den Kontakt mit dem Unternehmen zu erm\u00f6glichen und gegebenenfalls den mit Ihnen abgeschlossenen Vertrag auszuf\u00fchren. Die Bereitstellung dieser Daten ist f\u00fcr Sie verpflichtend. Wenn Sie dies ablehnen, k\u00f6nnen wir Ihnen das von Ihnen angeforderte Produkt\/die von Ihnen angeforderte Dienstleistung nicht bereitstellen (was Sie potenziell f\u00fcr eine Vertragsverletzung haftbar macht) und Ihre Anfrage nicht bearbeiten. Innerhalb unserer Struktur kann nur das Personal, das mit der Verarbeitung dieser Daten beauftragt ist, die Daten zu den genannten Zwecken einsehen. Wir m\u00f6chten Sie auch daran erinnern, dass Sie alle Rechte gem\u00e4\u00df den Artikeln 15 bis 22 der genannten EU-Verordnung aus\u00fcben k\u00f6nnen, insbesondere das Recht auf Zugang zu den personenbezogenen Daten und deren Kopie (Art. 15 GDPR), Berichtigung (Art. 16 GDPR) und L\u00f6schung (Art. 17 GDPR), Einschr\u00e4nkung der Verarbeitung (Art. 18 GDPR), Daten\u00fcbertragbarkeit (Art. 20 GDPR, wenn die Voraussetzungen erf\u00fcllt sind) sowie Widerspruch gegen die Verarbeitung, die Sie betreffen (Artikel 21 und 22 GDPR, f\u00fcr die genannten F\u00e4lle und insbesondere gegen die Verarbeitung zu Marketingzwecken oder gegen automatisierte Entscheidungen einschlie\u00dflich Profiling, die rechtliche Auswirkungen auf Sie haben, wenn die Voraussetzungen erf\u00fcllt sind). Wir m\u00f6chten Sie auch daran erinnern, dass Sie das Recht haben, Ihre Zustimmung jederzeit zu widerrufen, wenn die Verarbeitung auf Ihrer Zustimmung beruht, ohne dass die Rechtm\u00e4\u00dfigkeit der Verarbeitung, die aufgrund der vor der Widerrufsfrist erteilten Zustimmung erfolgt ist, beeintr\u00e4chtigt wird. Um dies zu tun, k\u00f6nnen Sie sich jederzeit abmelden, indem Sie den f\u00fcr die Verarbeitung Verantwortlichen kontaktieren, dessen K\n\t<\/p>\n<\/div>\n<p><span class=\"wpcf7-form-control-wrap\" data-name=\"checkbox-899\"><span class=\"wpcf7-form-control wpcf7-checkbox wpcf7-validates-as-required\"><span class=\"wpcf7-list-item first last\"><input type=\"checkbox\" name=\"checkbox-899[]\" value=\"*  Ich habe die Datenschutzbestimmungen gelesen und akzeptiere sie\" \/><span class=\"wpcf7-list-item-label\">*  Ich habe die Datenschutzbestimmungen gelesen und akzeptiere sie<\/span><\/span><\/span><\/span>\n<\/p>\n<p><input class=\"wpcf7-form-control wpcf7-submit has-spinner\" type=\"submit\" value=\"Einreichen\" \/>\n<\/p><div class=\"wpcf7-response-output\" aria-hidden=\"true\"><\/div>\n<\/form>\n<\/div>\n[\/et_pb_code][\/et_pb_column][\/et_pb_row][\/et_pb_section][et_pb_section fb_built=&#8220;1&#8243; fullwidth=&#8220;on&#8220; _builder_version=&#8220;4.5.2&#8243; _module_preset=&#8220;default&#8220; global_colors_info=&#8220;{}&#8220;][et_pb_fullwidth_code _builder_version=&#8220;4.5.2&#8243; _module_preset=&#8220;default&#8220; global_colors_info=&#8220;{}&#8220;]<iframe loading=\"lazy\" src=\"https:\/\/www.google.com\/maps\/embed?pb=!1m14!1m8!1m3!1d2797.283575959299!2d12.241548!3d45.484234!3m2!1i1024!2i768!4f13.1!3m3!1m2!1s0x0%3A0x84b5d122e000adc1!2sAutoservizi%20Delfino.%20Noleggio%20auto%20con%20conducente.!5e0!3m2!1sit!2sit!4v1596464217270!5m2!1sit!2sit\" width=\"100%\" height=\"500\" frameborder=\"0\" style=\"border:0;\" allowfullscreen=\"\" aria-hidden=\"false\" tabindex=\"0\"><\/iframe>[\/et_pb_fullwidth_code][\/et_pb_section]<\/p>\n","protected":false},"excerpt":{"rendered":"<p>KontakteCorso del Popolo, 211, 30100 Venezia VEinfo@autoservizidelfino.it+390415310584Montag bis Samstagvon 07:00 bis 22:00 Uhr Sonntagvon 07:00 bis 12:00 Uhrund von 18:00 bis 22:00 Uhr00420820276Anfrage f\u00fcr Parkplatz\n<div class=\"wpcf7 no-js\" id=\"wpcf7-f2912-o3\" lang=\"\" dir=\"ltr\" data-wpcf7-id=\"2912\">\n<div class=\"screen-reader-response\"><p role=\"status\" aria-live=\"polite\" aria-atomic=\"true\"><\/p> <ul><\/ul><\/div>\n<form action=\"\/de\/wp-json\/wp\/v2\/pages\/2836#wpcf7-f2912-o3\" method=\"post\" class=\"wpcf7-form init\" aria-label=\"Kontaktformular\" novalidate=\"novalidate\" data-status=\"init\">\n<fieldset class=\"hidden-fields-container\"><input type=\"hidden\" name=\"_wpcf7\" value=\"2912\" \/><input type=\"hidden\" name=\"_wpcf7_version\" value=\"6.1.5\" \/><input type=\"hidden\" name=\"_wpcf7_locale\" value=\"\" \/><input type=\"hidden\" name=\"_wpcf7_unit_tag\" value=\"wpcf7-f2912-o3\" \/><input type=\"hidden\" name=\"_wpcf7_container_post\" value=\"0\" \/><input type=\"hidden\" name=\"_wpcf7_posted_data_hash\" value=\"\" \/><input type=\"hidden\" name=\"_wpcf7_recaptcha_response\" value=\"\" \/>\n<\/fieldset>\n<p><span class=\"wpcf7-form-control-wrap\" data-name=\"your-name\"><input size=\"40\" maxlength=\"400\" class=\"wpcf7-form-control wpcf7-text wpcf7-validates-as-required\" aria-required=\"true\" aria-invalid=\"false\" placeholder=\"Name*\" value=\"\" type=\"text\" name=\"your-name\" \/><\/span>\n<\/p>\n<p><span class=\"wpcf7-form-control-wrap\" data-name=\"your-name\"><input size=\"40\" maxlength=\"400\" class=\"wpcf7-form-control wpcf7-text wpcf7-validates-as-required\" aria-required=\"true\" aria-invalid=\"false\" placeholder=\"Nachname*\" value=\"\" type=\"text\" name=\"your-name\" \/><\/span>\n<\/p>\n<p><span class=\"wpcf7-form-control-wrap\" data-name=\"your-phone\"><input size=\"40\" maxlength=\"400\" class=\"wpcf7-form-control wpcf7-tel wpcf7-validates-as-required wpcf7-text wpcf7-validates-as-tel\" aria-required=\"true\" aria-invalid=\"false\" placeholder=\"Telefon*\" value=\"\" type=\"tel\" name=\"your-phone\" \/><\/span>\n<\/p>\n<p><span class=\"wpcf7-form-control-wrap\" data-name=\"your-email\"><input size=\"40\" maxlength=\"400\" class=\"wpcf7-form-control wpcf7-email wpcf7-validates-as-required wpcf7-text wpcf7-validates-as-email\" aria-required=\"true\" aria-invalid=\"false\" placeholder=\"E-mail*\" value=\"\" type=\"email\" name=\"your-email\" \/><\/span>\n<\/p>\n<p>Ankunftsdatum: <span class=\"wpcf7-form-control-wrap\" data-name=\"date-arrivo\"><input class=\"wpcf7-form-control wpcf7-date wpcf7-validates-as-required wpcf7-validates-as-date\" aria-required=\"true\" aria-invalid=\"false\" placeholder=\"Ankunftsdatum*\" value=\"\" type=\"date\" name=\"date-arrivo\" \/><\/span>\n<\/p>\n<p>Ankunftszeit (0-24):<span class=\"wpcf7-form-control-wrap\" data-name=\"Ankunftszeit\"><input class=\"wpcf7-form-control wpcf7-number wpcf7-validates-as-number\" min=\"0\" max=\"24\" aria-invalid=\"false\" value=\"\" type=\"number\" name=\"Ankunftszeit\" \/><\/span>\n<\/p>\n<p>Abreisedatum:<span class=\"wpcf7-form-control-wrap\" data-name=\"date-partenza\"><input class=\"wpcf7-form-control wpcf7-date wpcf7-validates-as-required wpcf7-validates-as-date\" aria-required=\"true\" aria-invalid=\"false\" placeholder=\"Abreisedatum*\" value=\"\" type=\"date\" name=\"date-partenza\" \/><\/span>\n<\/p>\n<p>Abreisezeit (0-24):<span class=\"wpcf7-form-control-wrap\" data-name=\"Abreisezeit\"><input class=\"wpcf7-form-control wpcf7-number wpcf7-validates-as-number\" min=\"0\" max=\"24\" aria-invalid=\"false\" value=\"\" type=\"number\" name=\"Abreisezeit\" \/><\/span>\n<\/p>\n<p>Fahrzeugtyp:\n<\/p>\n<p><span class=\"wpcf7-form-control-wrap\" data-name=\"Tipo-veicolo\"><select class=\"wpcf7-form-control wpcf7-select\" aria-invalid=\"false\" name=\"Tipo-veicolo\"><option value=\"Auto\">Auto<\/option><option value=\"Van\">Van<\/option><option value=\"Moto\">Moto<\/option><\/select><\/span>\n<\/p>\n<p><span class=\"wpcf7-form-control-wrap\" data-name=\"targa\"><input size=\"40\" maxlength=\"400\" class=\"wpcf7-form-control wpcf7-text\" aria-invalid=\"false\" placeholder=\"Nummernschild\" value=\"\" type=\"text\" name=\"targa\" \/><\/span>\n<\/p>\n<p><span class=\"wpcf7-form-control-wrap\" data-name=\"modello\"><input size=\"40\" maxlength=\"400\" class=\"wpcf7-form-control wpcf7-text\" aria-invalid=\"false\" placeholder=\"Modell\" value=\"\" type=\"text\" name=\"modello\" \/><\/span>\n<\/p>\n<p><span class=\"wpcf7-form-control-wrap\" data-name=\"your-message\"><textarea cols=\"40\" rows=\"10\" maxlength=\"2000\" class=\"wpcf7-form-control wpcf7-textarea\" aria-invalid=\"false\" placeholder=\"Informationen\" name=\"your-message\"><\/textarea><\/span>\n<\/p>\n<p class=\"ptag\">Privatsph\u00e4re:\n<\/p>\n<div class=\"privacy\">\n\t<p>Die Unterzeichnende gibt hiermit die Informationen zur Nutzung der pers\u00f6nlichen Daten bekannt, die durch das Ausf\u00fcllen dieses Formulars bereitgestellt wurden, in \u00dcbereinstimmung mit der Verordnung (EU) 2016\/679 zum Schutz nat\u00fcrlicher Personen bei der Verarbeitung personenbezogener Daten und zum freien Datenverkehr (auch als GDPR bekannt). Die Daten \u00fcber Ihre Person, die Sie freiwillig \u00fcber das Ausf\u00fcllen von Online-Formularen bereitgestellt haben, werden ausschlie\u00dflich gesammelt, um den Kontakt mit dem Unternehmen zu erm\u00f6glichen und gegebenenfalls den mit Ihnen abgeschlossenen Vertrag auszuf\u00fchren. Die Bereitstellung dieser Daten ist f\u00fcr Sie verpflichtend. Wenn Sie dies ablehnen, k\u00f6nnen wir Ihnen das von Ihnen angeforderte Produkt\/die von Ihnen angeforderte Dienstleistung nicht bereitstellen (was Sie potenziell f\u00fcr eine Vertragsverletzung haftbar macht) und Ihre Anfrage nicht bearbeiten. Innerhalb unserer Struktur kann nur das Personal, das mit der Verarbeitung dieser Daten beauftragt ist, die Daten zu den genannten Zwecken einsehen. Wir m\u00f6chten Sie auch daran erinnern, dass Sie alle Rechte gem\u00e4\u00df den Artikeln 15 bis 22 der genannten EU-Verordnung aus\u00fcben k\u00f6nnen, insbesondere das Recht auf Zugang zu den personenbezogenen Daten und deren Kopie (Art. 15 GDPR), Berichtigung (Art. 16 GDPR) und L\u00f6schung (Art. 17 GDPR), Einschr\u00e4nkung der Verarbeitung (Art. 18 GDPR), Daten\u00fcbertragbarkeit (Art. 20 GDPR, wenn die Voraussetzungen erf\u00fcllt sind) sowie Widerspruch gegen die Verarbeitung, die Sie betreffen (Artikel 21 und 22 GDPR, f\u00fcr die genannten F\u00e4lle und insbesondere gegen die Verarbeitung zu Marketingzwecken oder gegen automatisierte Entscheidungen einschlie\u00dflich Profiling, die rechtliche Auswirkungen auf Sie haben, wenn die Voraussetzungen erf\u00fcllt sind). Wir m\u00f6chten Sie auch daran erinnern, dass Sie das Recht haben, Ihre Zustimmung jederzeit zu widerrufen, wenn die Verarbeitung auf Ihrer Zustimmung beruht, ohne dass die Rechtm\u00e4\u00dfigkeit der Verarbeitung, die aufgrund der vor der Widerrufsfrist erteilten Zustimmung erfolgt ist, beeintr\u00e4chtigt wird. Um dies zu tun, k\u00f6nnen Sie sich jederzeit abmelden, indem Sie den f\u00fcr die Verarbeitung Verantwortlichen kontaktieren, dessen K\n\t<\/p>\n<\/div>\n<p><span class=\"wpcf7-form-control-wrap\" data-name=\"checkbox-899\"><span class=\"wpcf7-form-control wpcf7-checkbox wpcf7-validates-as-required\"><span class=\"wpcf7-list-item first last\"><input type=\"checkbox\" name=\"checkbox-899[]\" value=\"*  Ich habe die Datenschutzbestimmungen gelesen und akzeptiere sie\" \/><span class=\"wpcf7-list-item-label\">*  Ich habe die Datenschutzbestimmungen gelesen und akzeptiere sie<\/span><\/span><\/span><\/span>\n<\/p>\n<p><input class=\"wpcf7-form-control wpcf7-submit has-spinner\" type=\"submit\" value=\"Einreichen\" \/>\n<\/p><div class=\"wpcf7-response-output\" aria-hidden=\"true\"><\/div>\n<\/form>\n<\/div>\nCorso del Popolo, 211, 30100 Venezia VEinfo@autoservizidelfino.it+390415310584Montag bis Samstagvon 07:00 bis 22:00 Uhr Sonntagvon 07:00 bis 12:00 Uhrund von 18:00 bis 22:00 Uhr00420820276Mietservice mit Fahrer<p class=\"wpcf7-contact-form-not-found\"><strong>Fehler:<\/strong> Kontaktformular wurde nicht gefunden.<\/p><\/p>\n","protected":false},"author":1,"featured_media":0,"parent":0,"menu_order":0,"comment_status":"closed","ping_status":"closed","template":"","meta":{"_et_pb_use_builder":"on","_et_pb_old_content":"","_et_gb_content_width":"","footnotes":""},"class_list":["post-2836","page","type-page","status-publish","hentry"],"yoast_head":"<!-- This site is optimized with the Yoast SEO plugin v27.5 - https:\/\/yoast.com\/product\/yoast-seo-wordpress\/ -->\n<title>Kontakte | Autoservizi Delfino<\/title>\n<meta name=\"robots\" content=\"index, follow, max-snippet:-1, max-image-preview:large, max-video-preview:-1\" \/>\n<link rel=\"canonical\" href=\"https:\/\/autoservizidelfino.it\/de\/kontakte\/\" \/>\n<meta property=\"og:locale\" content=\"de_DE\" \/>\n<meta property=\"og:type\" content=\"article\" \/>\n<meta property=\"og:title\" content=\"Kontakte | Autoservizi Delfino\" \/>\n<meta property=\"og:description\" content=\"KontakteCorso del Popolo, 211, 30100 Venezia VEinfo@autoservizidelfino.it+390415310584Montag bis Samstagvon 07:00 bis 22:00 Uhr Sonntagvon 07:00 bis 12:00 Uhrund von 18:00 bis 22:00 Uhr00420820276Anfrage f\u00fcr ParkplatzCorso del Popolo, 211, 30100 Venezia VEinfo@autoservizidelfino.it+390415310584Montag bis Samstagvon 07:00 bis 22:00 Uhr Sonntagvon 07:00 bis 12:00 Uhrund von 18:00 bis 22:00 Uhr00420820276Mietservice mit Fahrer\" \/>\n<meta property=\"og:url\" content=\"https:\/\/autoservizidelfino.it\/de\/kontakte\/\" \/>\n<meta property=\"og:site_name\" content=\"Autoservizi Delfino\" \/>\n<meta property=\"article:modified_time\" content=\"2023-05-05T12:56:08+00:00\" \/>\n<meta name=\"twitter:card\" content=\"summary_large_image\" \/>\n<meta name=\"twitter:label1\" content=\"Gesch\u00e4tzte Lesezeit\" \/>\n\t<meta name=\"twitter:data1\" content=\"4\u00a0Minuten\" \/>\n<script type=\"application\/ld+json\" class=\"yoast-schema-graph\">{\"@context\":\"https:\\\/\\\/schema.org\",\"@graph\":[{\"@type\":\"WebPage\",\"@id\":\"https:\\\/\\\/autoservizidelfino.it\\\/de\\\/kontakte\\\/\",\"url\":\"https:\\\/\\\/autoservizidelfino.it\\\/de\\\/kontakte\\\/\",\"name\":\"Kontakte | Autoservizi Delfino\",\"isPartOf\":{\"@id\":\"https:\\\/\\\/autoservizidelfino.it\\\/de\\\/#website\"},\"datePublished\":\"2020-08-03T12:27:53+00:00\",\"dateModified\":\"2023-05-05T12:56:08+00:00\",\"breadcrumb\":{\"@id\":\"https:\\\/\\\/autoservizidelfino.it\\\/de\\\/kontakte\\\/#breadcrumb\"},\"inLanguage\":\"de\",\"potentialAction\":[{\"@type\":\"ReadAction\",\"target\":[\"https:\\\/\\\/autoservizidelfino.it\\\/de\\\/kontakte\\\/\"]}]},{\"@type\":\"BreadcrumbList\",\"@id\":\"https:\\\/\\\/autoservizidelfino.it\\\/de\\\/kontakte\\\/#breadcrumb\",\"itemListElement\":[{\"@type\":\"ListItem\",\"position\":1,\"name\":\"Home\",\"item\":\"https:\\\/\\\/autoservizidelfino.it\\\/de\\\/\"},{\"@type\":\"ListItem\",\"position\":2,\"name\":\"Kontakte\"}]},{\"@type\":\"WebSite\",\"@id\":\"https:\\\/\\\/autoservizidelfino.it\\\/de\\\/#website\",\"url\":\"https:\\\/\\\/autoservizidelfino.it\\\/de\\\/\",\"name\":\"Autoservizi Delfino\",\"description\":\"Noleggio Automezzi con Autista\",\"publisher\":{\"@id\":\"https:\\\/\\\/autoservizidelfino.it\\\/de\\\/#organization\"},\"potentialAction\":[{\"@type\":\"SearchAction\",\"target\":{\"@type\":\"EntryPoint\",\"urlTemplate\":\"https:\\\/\\\/autoservizidelfino.it\\\/de\\\/?s={search_term_string}\"},\"query-input\":{\"@type\":\"PropertyValueSpecification\",\"valueRequired\":true,\"valueName\":\"search_term_string\"}}],\"inLanguage\":\"de\"},{\"@type\":\"Organization\",\"@id\":\"https:\\\/\\\/autoservizidelfino.it\\\/de\\\/#organization\",\"name\":\"AUTOSERVIZI DELFINO SNC\",\"url\":\"https:\\\/\\\/autoservizidelfino.it\\\/de\\\/\",\"logo\":{\"@type\":\"ImageObject\",\"inLanguage\":\"de\",\"@id\":\"https:\\\/\\\/autoservizidelfino.it\\\/de\\\/#\\\/schema\\\/logo\\\/image\\\/\",\"url\":\"https:\\\/\\\/autoservizidelfino.it\\\/wp-content\\\/uploads\\\/2020\\\/08\\\/logo.png\",\"contentUrl\":\"https:\\\/\\\/autoservizidelfino.it\\\/wp-content\\\/uploads\\\/2020\\\/08\\\/logo.png\",\"width\":331,\"height\":104,\"caption\":\"AUTOSERVIZI DELFINO SNC\"},\"image\":{\"@id\":\"https:\\\/\\\/autoservizidelfino.it\\\/de\\\/#\\\/schema\\\/logo\\\/image\\\/\"}}]}<\/script>\n<!-- \/ Yoast SEO plugin. -->","yoast_head_json":{"title":"Kontakte | Autoservizi Delfino","robots":{"index":"index","follow":"follow","max-snippet":"max-snippet:-1","max-image-preview":"max-image-preview:large","max-video-preview":"max-video-preview:-1"},"canonical":"https:\/\/autoservizidelfino.it\/de\/kontakte\/","og_locale":"de_DE","og_type":"article","og_title":"Kontakte | Autoservizi Delfino","og_description":"KontakteCorso del Popolo, 211, 30100 Venezia VEinfo@autoservizidelfino.it+390415310584Montag bis Samstagvon 07:00 bis 22:00 Uhr Sonntagvon 07:00 bis 12:00 Uhrund von 18:00 bis 22:00 Uhr00420820276Anfrage f\u00fcr ParkplatzCorso del Popolo, 211, 30100 Venezia VEinfo@autoservizidelfino.it+390415310584Montag bis Samstagvon 07:00 bis 22:00 Uhr Sonntagvon 07:00 bis 12:00 Uhrund von 18:00 bis 22:00 Uhr00420820276Mietservice mit Fahrer","og_url":"https:\/\/autoservizidelfino.it\/de\/kontakte\/","og_site_name":"Autoservizi Delfino","article_modified_time":"2023-05-05T12:56:08+00:00","twitter_card":"summary_large_image","twitter_misc":{"Gesch\u00e4tzte Lesezeit":"4\u00a0Minuten"},"schema":{"@context":"https:\/\/schema.org","@graph":[{"@type":"WebPage","@id":"https:\/\/autoservizidelfino.it\/de\/kontakte\/","url":"https:\/\/autoservizidelfino.it\/de\/kontakte\/","name":"Kontakte | Autoservizi Delfino","isPartOf":{"@id":"https:\/\/autoservizidelfino.it\/de\/#website"},"datePublished":"2020-08-03T12:27:53+00:00","dateModified":"2023-05-05T12:56:08+00:00","breadcrumb":{"@id":"https:\/\/autoservizidelfino.it\/de\/kontakte\/#breadcrumb"},"inLanguage":"de","potentialAction":[{"@type":"ReadAction","target":["https:\/\/autoservizidelfino.it\/de\/kontakte\/"]}]},{"@type":"BreadcrumbList","@id":"https:\/\/autoservizidelfino.it\/de\/kontakte\/#breadcrumb","itemListElement":[{"@type":"ListItem","position":1,"name":"Home","item":"https:\/\/autoservizidelfino.it\/de\/"},{"@type":"ListItem","position":2,"name":"Kontakte"}]},{"@type":"WebSite","@id":"https:\/\/autoservizidelfino.it\/de\/#website","url":"https:\/\/autoservizidelfino.it\/de\/","name":"Autoservizi Delfino","description":"Noleggio Automezzi con Autista","publisher":{"@id":"https:\/\/autoservizidelfino.it\/de\/#organization"},"potentialAction":[{"@type":"SearchAction","target":{"@type":"EntryPoint","urlTemplate":"https:\/\/autoservizidelfino.it\/de\/?s={search_term_string}"},"query-input":{"@type":"PropertyValueSpecification","valueRequired":true,"valueName":"search_term_string"}}],"inLanguage":"de"},{"@type":"Organization","@id":"https:\/\/autoservizidelfino.it\/de\/#organization","name":"AUTOSERVIZI DELFINO SNC","url":"https:\/\/autoservizidelfino.it\/de\/","logo":{"@type":"ImageObject","inLanguage":"de","@id":"https:\/\/autoservizidelfino.it\/de\/#\/schema\/logo\/image\/","url":"https:\/\/autoservizidelfino.it\/wp-content\/uploads\/2020\/08\/logo.png","contentUrl":"https:\/\/autoservizidelfino.it\/wp-content\/uploads\/2020\/08\/logo.png","width":331,"height":104,"caption":"AUTOSERVIZI DELFINO SNC"},"image":{"@id":"https:\/\/autoservizidelfino.it\/de\/#\/schema\/logo\/image\/"}}]}},"_links":{"self":[{"href":"https:\/\/autoservizidelfino.it\/de\/wp-json\/wp\/v2\/pages\/2836","targetHints":{"allow":["GET"]}}],"collection":[{"href":"https:\/\/autoservizidelfino.it\/de\/wp-json\/wp\/v2\/pages"}],"about":[{"href":"https:\/\/autoservizidelfino.it\/de\/wp-json\/wp\/v2\/types\/page"}],"author":[{"embeddable":true,"href":"https:\/\/autoservizidelfino.it\/de\/wp-json\/wp\/v2\/users\/1"}],"replies":[{"embeddable":true,"href":"https:\/\/autoservizidelfino.it\/de\/wp-json\/wp\/v2\/comments?post=2836"}],"version-history":[{"count":6,"href":"https:\/\/autoservizidelfino.it\/de\/wp-json\/wp\/v2\/pages\/2836\/revisions"}],"predecessor-version":[{"id":2914,"href":"https:\/\/autoservizidelfino.it\/de\/wp-json\/wp\/v2\/pages\/2836\/revisions\/2914"}],"wp:attachment":[{"href":"https:\/\/autoservizidelfino.it\/de\/wp-json\/wp\/v2\/media?parent=2836"}],"curies":[{"name":"wp","href":"https:\/\/api.w.org\/{rel}","templated":true}]}}